{"id":358,"date":"2015-02-06T10:57:47","date_gmt":"2015-02-06T09:57:47","guid":{"rendered":"http:\/\/www.din-amo.be\/?page_id=358"},"modified":"2023-12-19T16:32:31","modified_gmt":"2023-12-19T15:32:31","slug":"etre-en-jeu","status":"publish","type":"page","link":"https:\/\/www.din-amo.be\/?page_id=358","title":{"rendered":"Etre en jeu"},"content":{"rendered":"\t\t<div data-elementor-type=\"wp-page\" data-elementor-id=\"358\" class=\"elementor elementor-358\">\n\t\t\t\t<div class=\"elementor-element elementor-element-a6d38b2 e-flex e-con-boxed wpr-particle-no wpr-jarallax-no wpr-parallax-no wpr-sticky-section-no e-con e-parent\" data-id=\"a6d38b2\" data-element_type=\"container\" data-e-type=\"container\">\n\t\t\t\t\t<div class=\"e-con-inner\">\n\t\t<div class=\"elementor-element elementor-element-1631046 e-con-full e-flex wpr-particle-no wpr-jarallax-no wpr-parallax-no wpr-sticky-section-no e-con e-child\" data-id=\"1631046\" data-element_type=\"container\" data-e-type=\"container\">\n\t\t\t\t<div class=\"elementor-element elementor-element-59945f8 elementor-widget elementor-widget-image\" data-id=\"59945f8\" data-element_type=\"widget\" data-e-type=\"widget\" data-widget_type=\"image.default\">\n\t\t\t\t<div class=\"elementor-widget-container\">\n\t\t\t\t\t\t\t\t\t\t\t\t\t\t\t<img fetchpriority=\"high\" decoding=\"async\" width=\"375\" height=\"375\" src=\"https:\/\/www.din-amo.be\/wp-content\/uploads\/2023\/12\/Etre-en-jeu-1.png\" class=\"attachment-large size-large wp-image-2677\" alt=\"\" srcset=\"https:\/\/www.din-amo.be\/wp-content\/uploads\/2023\/12\/Etre-en-jeu-1.png 375w, https:\/\/www.din-amo.be\/wp-content\/uploads\/2023\/12\/Etre-en-jeu-1-300x300.png 300w, https:\/\/www.din-amo.be\/wp-content\/uploads\/2023\/12\/Etre-en-jeu-1-150x150.png 150w, https:\/\/www.din-amo.be\/wp-content\/uploads\/2023\/12\/Etre-en-jeu-1-100x100.png 100w, https:\/\/www.din-amo.be\/wp-content\/uploads\/2023\/12\/Etre-en-jeu-1-105x105.png 105w, https:\/\/www.din-amo.be\/wp-content\/uploads\/2023\/12\/Etre-en-jeu-1-212x212.png 212w, https:\/\/www.din-amo.be\/wp-content\/uploads\/2023\/12\/Etre-en-jeu-1-75x75.png 75w, https:\/\/www.din-amo.be\/wp-content\/uploads\/2023\/12\/Etre-en-jeu-1-56x56.png 56w, https:\/\/www.din-amo.be\/wp-content\/uploads\/2023\/12\/Etre-en-jeu-1-69x69.png 69w, https:\/\/www.din-amo.be\/wp-content\/uploads\/2023\/12\/Etre-en-jeu-1-145x145.png 145w\" sizes=\"(max-width: 375px) 100vw, 375px\" \/>\t\t\t\t\t\t\t\t\t\t\t\t\t\t\t<\/div>\n\t\t\t\t<\/div>\n\t\t\t\t<\/div>\n\t\t<div class=\"elementor-element elementor-element-5e9cdab e-con-full e-flex wpr-particle-no wpr-jarallax-no wpr-parallax-no wpr-sticky-section-no e-con e-child\" data-id=\"5e9cdab\" data-element_type=\"container\" data-e-type=\"container\">\n\t\t\t\t<div class=\"elementor-element elementor-element-2ae9260 elementor-widget elementor-widget-text-editor\" data-id=\"2ae9260\" data-element_type=\"widget\" data-e-type=\"widget\" data-widget_type=\"text-editor.default\">\n\t\t\t\t<div class=\"elementor-widget-container\">\n\t\t\t\t\t\t\t\t\t<p><strong>Groupe d\u2019expression pour enfants de parents s\u00e9par\u00e9s, en conflits, familles recompos\u00e9es,\u2026 sous forme d\u2019un processus de 8\u00a0ateliers de 2 heures.<\/strong><br \/><strong>Les sujets de la s\u00e9paration et des conflits sont abord\u00e9s de mani\u00e8re ludique, par le biais du jeu, du dessin, d\u2019histoires, de relaxation et de la cr\u00e9ativit\u00e9.<\/strong><\/p>\t\t\t\t\t\t\t\t<\/div>\n\t\t\t\t<\/div>\n\t\t\t\t<div class=\"elementor-element elementor-element-9fb6fd2 elementor-widget-divider--view-line elementor-widget elementor-widget-divider\" data-id=\"9fb6fd2\" data-element_type=\"widget\" data-e-type=\"widget\" data-widget_type=\"divider.default\">\n\t\t\t\t<div class=\"elementor-widget-container\">\n\t\t\t\t\t\t\t<div class=\"elementor-divider\">\n\t\t\t<span class=\"elementor-divider-separator\">\n\t\t\t\t\t\t<\/span>\n\t\t<\/div>\n\t\t\t\t\t\t<\/div>\n\t\t\t\t<\/div>\n\t\t\t\t<\/div>\n\t\t\t\t\t<\/div>\n\t\t\t\t<\/div>\n\t\t<div class=\"elementor-element elementor-element-05c16e0 e-flex e-con-boxed wpr-particle-no wpr-jarallax-no wpr-parallax-no wpr-sticky-section-no e-con e-parent\" data-id=\"05c16e0\" data-element_type=\"container\" data-e-type=\"container\">\n\t\t\t\t\t<div class=\"e-con-inner\">\n\t\t<div class=\"elementor-element elementor-element-26cc5a7 e-con-full e-flex wpr-particle-no wpr-jarallax-no wpr-parallax-no wpr-sticky-section-no e-con e-child\" data-id=\"26cc5a7\" data-element_type=\"container\" data-e-type=\"container\">\n\t\t\t\t<div class=\"elementor-element elementor-element-369d95a elementor-widget elementor-widget-heading\" data-id=\"369d95a\" data-element_type=\"widget\" data-e-type=\"widget\" data-widget_type=\"heading.default\">\n\t\t\t\t<div class=\"elementor-widget-container\">\n\t\t\t\t\t<h2 class=\"elementor-heading-title elementor-size-default\">Horaires<\/h2>\t\t\t\t<\/div>\n\t\t\t\t<\/div>\n\t\t\t\t<div class=\"elementor-element elementor-element-9f0b4df elementor-widget elementor-widget-text-editor\" data-id=\"9f0b4df\" data-element_type=\"widget\" data-e-type=\"widget\" data-widget_type=\"text-editor.default\">\n\t\t\t\t<div class=\"elementor-widget-container\">\n\t\t\t\t\t\t\t\t\t<p><strong>8 ateliers de 2h le mercredi apr\u00e8s-midi de 14h \u00e0 16h.<\/strong><br \/>Il est important que l\u2019enfant participe aux\u00a0<strong>8<\/strong>\u00a0ateliers, par respect pour le groupe et dans un souci de coh\u00e9rence pour eux m\u00eame.<br \/><strong>Prochain module : Aucun module n\u2019est pr\u00e9vu en ce moment !!!<\/strong><\/p>\t\t\t\t\t\t\t\t<\/div>\n\t\t\t\t<\/div>\n\t\t\t\t<\/div>\n\t\t<div class=\"elementor-element elementor-element-b28a3b2 e-con-full e-flex wpr-particle-no wpr-jarallax-no wpr-parallax-no wpr-sticky-section-no e-con e-child\" data-id=\"b28a3b2\" data-element_type=\"container\" data-e-type=\"container\">\n\t\t\t\t<div class=\"elementor-element elementor-element-79cc74f elementor-widget elementor-widget-heading\" data-id=\"79cc74f\" data-element_type=\"widget\" data-e-type=\"widget\" data-widget_type=\"heading.default\">\n\t\t\t\t<div class=\"elementor-widget-container\">\n\t\t\t\t\t<h2 class=\"elementor-heading-title elementor-size-default\">Public<\/h2>\t\t\t\t<\/div>\n\t\t\t\t<\/div>\n\t\t\t\t<div class=\"elementor-element elementor-element-334e2ee elementor-widget elementor-widget-text-editor\" data-id=\"334e2ee\" data-element_type=\"widget\" data-e-type=\"widget\" data-widget_type=\"text-editor.default\">\n\t\t\t\t<div class=\"elementor-widget-container\">\n\t\t\t\t\t\t\t\t\t<p>Initialement des enfants\u00a0<strong>de 7 \u00e0 10 ans<\/strong>\u00a0faisant partie de l\u2019arrondissement Dinant-Philippeville.<br \/>D\u2019autres tranches d\u2019\u00e2ges peuvent \u00eatre envisag\u00e9es selon les demandes.<\/p>\t\t\t\t\t\t\t\t<\/div>\n\t\t\t\t<\/div>\n\t\t\t\t<\/div>\n\t\t<div class=\"elementor-element elementor-element-9c73297 e-con-full e-flex wpr-particle-no wpr-jarallax-no wpr-parallax-no wpr-sticky-section-no e-con e-child\" data-id=\"9c73297\" data-element_type=\"container\" data-e-type=\"container\">\n\t\t\t\t<div class=\"elementor-element elementor-element-cb87194 elementor-widget elementor-widget-heading\" data-id=\"cb87194\" data-element_type=\"widget\" data-e-type=\"widget\" data-widget_type=\"heading.default\">\n\t\t\t\t<div class=\"elementor-widget-container\">\n\t\t\t\t\t<h2 class=\"elementor-heading-title elementor-size-default\">Lieu<\/h2>\t\t\t\t<\/div>\n\t\t\t\t<\/div>\n\t\t\t\t<div class=\"elementor-element elementor-element-44287b0 elementor-widget elementor-widget-text-editor\" data-id=\"44287b0\" data-element_type=\"widget\" data-e-type=\"widget\" data-widget_type=\"text-editor.default\">\n\t\t\t\t<div class=\"elementor-widget-container\">\n\t\t\t\t\t\t\t\t\t<p><strong>Prochain module : A d\u00e9terminer !!!<\/strong><br \/>D\u2019autres lieux peuvent \u00eatre d\u00e9finis en fonction des inscriptions.<\/p>\t\t\t\t\t\t\t\t<\/div>\n\t\t\t\t<\/div>\n\t\t\t\t<\/div>\n\t\t<div class=\"elementor-element elementor-element-acef110 e-con-full e-flex wpr-particle-no wpr-jarallax-no wpr-parallax-no wpr-sticky-section-no e-con e-child\" data-id=\"acef110\" data-element_type=\"container\" data-e-type=\"container\">\n\t\t\t\t<div class=\"elementor-element elementor-element-1fc4cb0 elementor-widget elementor-widget-heading\" data-id=\"1fc4cb0\" data-element_type=\"widget\" data-e-type=\"widget\" data-widget_type=\"heading.default\">\n\t\t\t\t<div class=\"elementor-widget-container\">\n\t\t\t\t\t<h2 class=\"elementor-heading-title elementor-size-default\">Co\u00fbt<\/h2>\t\t\t\t<\/div>\n\t\t\t\t<\/div>\n\t\t\t\t<div class=\"elementor-element elementor-element-ceb025f elementor-widget elementor-widget-text-editor\" data-id=\"ceb025f\" data-element_type=\"widget\" data-e-type=\"widget\" data-widget_type=\"text-editor.default\">\n\t\t\t\t<div class=\"elementor-widget-container\">\n\t\t\t\t\t\t\t\t\t<p><strong>12.5 \u20ac<\/strong>\u00a0pour les\u00a0<strong>8<\/strong>\u00a0ateliers.<br \/>Une difficult\u00e9 de payement peut toujours \u00eatre abord\u00e9e avec les animateurs, une solution peut \u00eatre trouv\u00e9e.<\/p>\t\t\t\t\t\t\t\t<\/div>\n\t\t\t\t<\/div>\n\t\t\t\t<\/div>\n\t\t\t\t\t<\/div>\n\t\t\t\t<\/div>\n\t\t<div class=\"elementor-element elementor-element-926e372 e-flex e-con-boxed wpr-particle-no wpr-jarallax-no wpr-parallax-no wpr-sticky-section-no e-con e-parent\" data-id=\"926e372\" data-element_type=\"container\" data-e-type=\"container\">\n\t\t\t\t\t<div class=\"e-con-inner\">\n\t\t<div class=\"elementor-element elementor-element-6e4e53f e-con-full e-flex wpr-particle-no wpr-jarallax-no wpr-parallax-no wpr-sticky-section-no e-con e-child\" data-id=\"6e4e53f\" data-element_type=\"container\" data-e-type=\"container\">\n\t\t\t\t<div class=\"elementor-element elementor-element-fb6dd40 elementor-widget elementor-widget-text-editor\" data-id=\"fb6dd40\" data-element_type=\"widget\" data-e-type=\"widget\" data-widget_type=\"text-editor.default\">\n\t\t\t\t<div class=\"elementor-widget-container\">\n\t\t\t\t\t\t\t\t\t<h2><strong>Animateurs<\/strong><\/h2><p>2 animateurs de DINAMO avec les enfants (les m\u00eames pour tout le processus) + 1 observateur.<\/p><h2><strong>Objectifs<\/strong><\/h2><p>\u2022Contribuer au mieux-\u00eatre de l\u2019enfant.<br \/>\u2022Permettre une expression plus libre dans le cadre d\u2019un lieu d\u00e9fini, s\u00e9curisant, respectueux,\u2026<br \/>\u2022Accompagner les enfants dans l\u2019\u00e9laboration et l\u2019identification de leurs ressources par le partage de v\u00e9cus, d\u2019exp\u00e9riences entre les enfants et avec les animateurs\u2026<br \/>\u2022Permettre \u00e0 l\u2019enfant de se d\u00e9gager des enjeux de loyaut\u00e9, pouvoir \u00eatre l\u2019enfant de ses deux parents.<br \/>\u2022Se sentir moins seul au milieu des disputes.<br \/>\u2022Accompagner les enfants vers une place dans laquelle ils se sentent respect\u00e9s.<br \/>\u2022S\u2019amuser, le temps d\u2019une pause, d\u2019une \u00ab bulle \u00bb.<\/p>\t\t\t\t\t\t\t\t<\/div>\n\t\t\t\t<\/div>\n\t\t\t\t<\/div>\n\t\t<div class=\"elementor-element elementor-element-99514c8 e-con-full e-flex wpr-particle-no wpr-jarallax-no wpr-parallax-no wpr-sticky-section-no e-con e-child\" data-id=\"99514c8\" data-element_type=\"container\" data-e-type=\"container\">\n\t\t\t\t<div class=\"elementor-element elementor-element-0116d4c elementor-widget elementor-widget-image\" data-id=\"0116d4c\" data-element_type=\"widget\" data-e-type=\"widget\" data-widget_type=\"image.default\">\n\t\t\t\t<div class=\"elementor-widget-container\">\n\t\t\t\t\t\t\t\t\t\t\t\t\t\t\t<img decoding=\"async\" width=\"724\" height=\"1024\" src=\"https:\/\/www.din-amo.be\/wp-content\/uploads\/2023\/12\/Etre-en-jeu-2-724x1024.png\" class=\"attachment-large size-large wp-image-3627\" alt=\"\" srcset=\"https:\/\/www.din-amo.be\/wp-content\/uploads\/2023\/12\/Etre-en-jeu-2-724x1024.png 724w, https:\/\/www.din-amo.be\/wp-content\/uploads\/2023\/12\/Etre-en-jeu-2-212x300.png 212w, https:\/\/www.din-amo.be\/wp-content\/uploads\/2023\/12\/Etre-en-jeu-2-768x1086.png 768w, https:\/\/www.din-amo.be\/wp-content\/uploads\/2023\/12\/Etre-en-jeu-2-1086x1536.png 1086w, https:\/\/www.din-amo.be\/wp-content\/uploads\/2023\/12\/Etre-en-jeu-2.png 1414w\" sizes=\"(max-width: 724px) 100vw, 724px\" \/>\t\t\t\t\t\t\t\t\t\t\t\t\t\t\t<\/div>\n\t\t\t\t<\/div>\n\t\t\t\t<\/div>\n\t\t\t\t\t<\/div>\n\t\t\t\t<\/div>\n\t\t<div class=\"elementor-element elementor-element-0633a69 e-flex e-con-boxed wpr-particle-no wpr-jarallax-no wpr-parallax-no wpr-sticky-section-no e-con e-parent\" data-id=\"0633a69\" data-element_type=\"container\" data-e-type=\"container\">\n\t\t\t\t\t<div class=\"e-con-inner\">\n\t\t\t\t<div class=\"elementor-element elementor-element-0227be5 elementor-widget elementor-widget-text-editor\" data-id=\"0227be5\" data-element_type=\"widget\" data-e-type=\"widget\" data-widget_type=\"text-editor.default\">\n\t\t\t\t<div class=\"elementor-widget-container\">\n\t\t\t\t\t\t\t\t\t<h2><strong>Partenaires<\/strong><\/h2><p>Un comit\u00e9 d\u2019accompagnement constitu\u00e9 de professionnels a pour r\u00f4le d\u2019interroger, \u00e9valuer le projet et de construire les balises n\u00e9cessaires au d\u00e9marrage du projet. Ce comit\u00e9 se r\u00e9uni une ou deux fois par an.<br \/>A ce stade, le comit\u00e9 d\u2019accompagnement est constitu\u00e9 de :<br \/>Claire BALLAND (AMO AJMO de Charleroi)<br \/>Laurence BARREAU (Service Droit des jeunes de Namur)<br \/>Jean-Louis DUVIVIER (Service de sant\u00e9 mentale de Dinant)<br \/>Marie-No\u00eblle CASSART (Asbl Autrement, espace rencontre)<br \/>Jean-Philippe GILAIN (Service Pr\u00e9vention de la ville de Beauraing)<\/p><p>La collaboration avec le r\u00e9seau est importante. Tous les services travaillant directement ou indirectement avec l\u2019enfance sont associ\u00e9s au projet afin qu\u2019ils puissent relayer l\u2019information \u00e0 leur public.<\/p><h2><strong>Contacts avec les parents<\/strong><\/h2><p>Rencontre pr\u00e9alable avec l\u2019enfant et au moins l\u2019un des parents.<br \/>Contacts r\u00e9guliers avant, pendant et apr\u00e8s les ateliers<br \/>Nous sommes l\u00e0 pour communiquer aussi avec les parents pour qu\u2019ils se sentent un maximum concern\u00e9s sans d\u00e9voiler la parole de l\u2019enfant.<br \/>Les deux parents sont inform\u00e9s par courrier de la participation de leurs enfants.<\/p><h2><strong>\u00c9valuation<\/strong><\/h2><p>L\u2019\u00e9tat d\u2019esprit de l\u2019AMO \u00e9tant d\u2019\u00eatre attentif \u00e0 l\u2019\u00e9volution et aux r\u00e9ajustements \u00e9ventuels du projet :<br \/>\u2022Evaluation en fin d\u2019atelier avec les enfants.<br \/>\u2022Evaluation entre animateurs apr\u00e8s chaque atelier et \u00e0 la fin du processus.<br \/>\u2022Evaluation avec toute l\u2019\u00e9quipe de l\u2019AMO \u00e0 la demande des animateurs. Ainsi qu\u2019avec les personnes ressources du comit\u00e9 d\u2019accompagnement.<br \/>\u2022Une supervision peut \u00eatre envisag\u00e9e si n\u00e9cessaire.<\/p><h2><strong>Perspectives<\/strong><\/h2><p>Possibilit\u00e9 de rencontres individuelles et familiales \u00e0 la demande.<\/p><h2><strong>Personne r\u00e9f\u00e9rente du projet<\/strong><\/h2><p>\u2026<\/p>\t\t\t\t\t\t\t\t<\/div>\n\t\t\t\t<\/div>\n\t\t\t\t\t<\/div>\n\t\t\t\t<\/div>\n\t\t\t\t<\/div>\n\t\t","protected":false},"excerpt":{"rendered":"<p>Groupe d\u2019expression pour enfants de parents s\u00e9par\u00e9s, en conflits, familles recompos\u00e9es,\u2026 sous forme d\u2019un processus de 8\u00a0ateliers de 2 heures.Les sujets de la s\u00e9paration et des conflits sont abord\u00e9s de mani\u00e8re ludique, par le biais du jeu, du dessin, d\u2019histoires, de relaxation et de la cr\u00e9ativit\u00e9. Horaires 8 ateliers de 2h le mercredi apr\u00e8s-midi de 14h \u00e0 16h.Il est important que l\u2019enfant participe aux\u00a08\u00a0ateliers, par respect pour le groupe et dans un souci de coh\u00e9rence pour eux m\u00eame.Prochain module : Aucun module n\u2019est pr\u00e9vu en ce moment !!! Public Initialement des enfants\u00a0de 7 \u00e0 10 ans\u00a0faisant partie de l\u2019arrondissement Dinant-Philippeville.D\u2019autres tranches d\u2019\u00e2ges peuvent \u00eatre envisag\u00e9es selon les demandes. Lieu Prochain module : A d\u00e9terminer !!!D\u2019autres lieux peuvent \u00eatre d\u00e9finis en fonction des inscriptions. Co\u00fbt 12.5 \u20ac\u00a0pour les\u00a08\u00a0ateliers.Une difficult\u00e9 de payement peut toujours \u00eatre abord\u00e9e avec les animateurs, une solution peut \u00eatre trouv\u00e9e. Animateurs 2 animateurs de DINAMO avec les enfants (les m\u00eames pour tout le processus) + 1 observateur. Objectifs \u2022Contribuer au mieux-\u00eatre de l\u2019enfant.\u2022Permettre une expression plus libre dans le cadre d\u2019un lieu d\u00e9fini, s\u00e9curisant, respectueux,\u2026\u2022Accompagner les enfants dans l\u2019\u00e9laboration et l\u2019identification de leurs ressources par le partage de v\u00e9cus, d\u2019exp\u00e9riences entre les enfants et avec les animateurs\u2026\u2022Permettre \u00e0 l\u2019enfant de se d\u00e9gager des enjeux de loyaut\u00e9, pouvoir \u00eatre l\u2019enfant de ses deux parents.\u2022Se sentir moins seul au milieu des disputes.\u2022Accompagner les enfants vers une place dans laquelle ils se sentent respect\u00e9s.\u2022S\u2019amuser, le temps d\u2019une pause, d\u2019une \u00ab bulle \u00bb. Partenaires Un comit\u00e9 d\u2019accompagnement constitu\u00e9 de professionnels a pour r\u00f4le d\u2019interroger, \u00e9valuer le projet et de construire les balises n\u00e9cessaires au d\u00e9marrage du projet. Ce comit\u00e9 se r\u00e9uni une ou deux fois par an.A ce stade, le comit\u00e9 d\u2019accompagnement est constitu\u00e9 de :Claire BALLAND (AMO AJMO de Charleroi)Laurence BARREAU (Service Droit des jeunes de Namur)Jean-Louis DUVIVIER (Service de sant\u00e9 mentale de Dinant)Marie-No\u00eblle CASSART (Asbl Autrement, espace rencontre)Jean-Philippe GILAIN (Service Pr\u00e9vention de la ville de Beauraing) La collaboration avec le r\u00e9seau est importante. Tous les services travaillant directement ou indirectement avec l\u2019enfance sont associ\u00e9s au projet afin qu\u2019ils puissent relayer l\u2019information \u00e0 leur public. Contacts avec les parents Rencontre pr\u00e9alable avec l\u2019enfant et au moins l\u2019un des parents.Contacts r\u00e9guliers avant, pendant et apr\u00e8s les ateliersNous sommes l\u00e0 pour communiquer aussi avec les parents pour qu\u2019ils se sentent un maximum concern\u00e9s sans d\u00e9voiler la parole de l\u2019enfant.Les deux parents sont inform\u00e9s par courrier de la participation de leurs enfants. \u00c9valuation L\u2019\u00e9tat d\u2019esprit de l\u2019AMO \u00e9tant d\u2019\u00eatre attentif \u00e0 l\u2019\u00e9volution et aux r\u00e9ajustements \u00e9ventuels du projet :\u2022Evaluation en fin d\u2019atelier avec les enfants.\u2022Evaluation entre animateurs apr\u00e8s chaque atelier et \u00e0 la fin du processus.\u2022Evaluation avec toute l\u2019\u00e9quipe de l\u2019AMO \u00e0 la demande des animateurs. Ainsi qu\u2019avec les personnes ressources du comit\u00e9 d\u2019accompagnement.\u2022Une supervision peut \u00eatre envisag\u00e9e si n\u00e9cessaire. Perspectives Possibilit\u00e9 de rencontres individuelles et familiales \u00e0 la demande. Personne r\u00e9f\u00e9rente du projet \u2026<\/p>\n","protected":false},"author":5,"featured_media":0,"parent":56,"menu_order":4,"comment_status":"closed","ping_status":"open","template":"","meta":{"_eb_attr":"","ocean_post_layout":"","ocean_both_sidebars_style":"","ocean_both_sidebars_content_width":0,"ocean_both_sidebars_sidebars_width":0,"ocean_sidebar":"","ocean_second_sidebar":"","ocean_disable_margins":"enable","ocean_add_body_class":"","ocean_shortcode_before_top_bar":"","ocean_shortcode_after_top_bar":"","ocean_shortcode_before_header":"","ocean_shortcode_after_header":"","ocean_has_shortcode":"","ocean_shortcode_after_title":"","ocean_shortcode_before_footer_widgets":"","ocean_shortcode_after_footer_widgets":"","ocean_shortcode_before_footer_bottom":"","ocean_shortcode_after_footer_bottom":"","ocean_display_top_bar":"default","ocean_display_header":"default","ocean_header_style":"","ocean_center_header_left_menu":"","ocean_custom_header_template":"","ocean_custom_logo":0,"ocean_custom_retina_logo":0,"ocean_custom_logo_max_width":0,"ocean_custom_logo_tablet_max_width":0,"ocean_custom_logo_mobile_max_width":0,"ocean_custom_logo_max_height":0,"ocean_custom_logo_tablet_max_height":0,"ocean_custom_logo_mobile_max_height":0,"ocean_header_custom_menu":"","ocean_menu_typo_font_family":"","ocean_menu_typo_font_subset":"","ocean_menu_typo_font_size":0,"ocean_menu_typo_font_size_tablet":0,"ocean_menu_typo_font_size_mobile":0,"ocean_menu_typo_font_size_unit":"px","ocean_menu_typo_font_weight":"","ocean_menu_typo_font_weight_tablet":"","ocean_menu_typo_font_weight_mobile":"","ocean_menu_typo_transform":"","ocean_menu_typo_transform_tablet":"","ocean_menu_typo_transform_mobile":"","ocean_menu_typo_line_height":0,"ocean_menu_typo_line_height_tablet":0,"ocean_menu_typo_line_height_mobile":0,"ocean_menu_typo_line_height_unit":"","ocean_menu_typo_spacing":0,"ocean_menu_typo_spacing_tablet":0,"ocean_menu_typo_spacing_mobile":0,"ocean_menu_typo_spacing_unit":"","ocean_menu_link_color":"","ocean_menu_link_color_hover":"","ocean_menu_link_color_active":"","ocean_menu_link_background":"","ocean_menu_link_hover_background":"","ocean_menu_link_active_background":"","ocean_menu_social_links_bg":"","ocean_menu_social_hover_links_bg":"","ocean_menu_social_links_color":"","ocean_menu_social_hover_links_color":"","ocean_disable_title":"default","ocean_disable_heading":"default","ocean_post_title":"","ocean_post_subheading":"","ocean_post_title_style":"","ocean_post_title_background_color":"","ocean_post_title_background":0,"ocean_post_title_bg_image_position":"","ocean_post_title_bg_image_attachment":"","ocean_post_title_bg_image_repeat":"","ocean_post_title_bg_image_size":"","ocean_post_title_height":0,"ocean_post_title_bg_overlay":0.5,"ocean_post_title_bg_overlay_color":"","ocean_disable_breadcrumbs":"default","ocean_breadcrumbs_color":"","ocean_breadcrumbs_separator_color":"","ocean_breadcrumbs_links_color":"","ocean_breadcrumbs_links_hover_color":"","ocean_display_footer_widgets":"default","ocean_display_footer_bottom":"default","ocean_custom_footer_template":"","footnotes":""},"class_list":["post-358","page","type-page","status-publish","hentry","entry"],"_links":{"self":[{"href":"https:\/\/www.din-amo.be\/index.php?rest_route=\/wp\/v2\/pages\/358","targetHints":{"allow":["GET"]}}],"collection":[{"href":"https:\/\/www.din-amo.be\/index.php?rest_route=\/wp\/v2\/pages"}],"about":[{"href":"https:\/\/www.din-amo.be\/index.php?rest_route=\/wp\/v2\/types\/page"}],"author":[{"embeddable":true,"href":"https:\/\/www.din-amo.be\/index.php?rest_route=\/wp\/v2\/users\/5"}],"replies":[{"embeddable":true,"href":"https:\/\/www.din-amo.be\/index.php?rest_route=%2Fwp%2Fv2%2Fcomments&post=358"}],"version-history":[{"count":30,"href":"https:\/\/www.din-amo.be\/index.php?rest_route=\/wp\/v2\/pages\/358\/revisions"}],"predecessor-version":[{"id":3636,"href":"https:\/\/www.din-amo.be\/index.php?rest_route=\/wp\/v2\/pages\/358\/revisions\/3636"}],"up":[{"embeddable":true,"href":"https:\/\/www.din-amo.be\/index.php?rest_route=\/wp\/v2\/pages\/56"}],"wp:attachment":[{"href":"https:\/\/www.din-amo.be\/index.php?rest_route=%2Fwp%2Fv2%2Fmedia&parent=358"}],"curies":[{"name":"wp","href":"https:\/\/api.w.org\/{rel}","templated":true}]}}