{"id":1414,"date":"2018-01-26T15:02:25","date_gmt":"2018-01-26T14:02:25","guid":{"rendered":"http:\/\/www.din-amo.be\/?page_id=1414"},"modified":"2023-12-19T14:30:00","modified_gmt":"2023-12-19T13:30:00","slug":"amo-net","status":"publish","type":"page","link":"https:\/\/www.din-amo.be\/?page_id=1414","title":{"rendered":"Amo.Net"},"content":{"rendered":"\t\t<div data-elementor-type=\"wp-page\" data-elementor-id=\"1414\" class=\"elementor elementor-1414\">\n\t\t\t\t<div class=\"elementor-element elementor-element-c313fce e-flex e-con-boxed wpr-particle-no wpr-jarallax-no wpr-parallax-no wpr-sticky-section-no e-con e-parent\" data-id=\"c313fce\" data-element_type=\"container\" data-e-type=\"container\">\n\t\t\t\t\t<div class=\"e-con-inner\">\n\t\t\t\t<div class=\"elementor-element elementor-element-e111d91 elementor-widget elementor-widget-image\" data-id=\"e111d91\" data-element_type=\"widget\" data-e-type=\"widget\" data-widget_type=\"image.default\">\n\t\t\t\t<div class=\"elementor-widget-container\">\n\t\t\t\t\t\t\t\t\t\t\t\t\t\t\t\t<a href=\"http:\/\/www.amonet.be\">\n\t\t\t\t\t\t\t<img decoding=\"async\" width=\"300\" height=\"156\" src=\"https:\/\/www.din-amo.be\/wp-content\/uploads\/2023\/12\/AMOnet-logo-2015-B-300x156.png\" class=\"attachment-medium size-medium wp-image-3047\" alt=\"\" srcset=\"https:\/\/www.din-amo.be\/wp-content\/uploads\/2023\/12\/AMOnet-logo-2015-B-300x156.png 300w, https:\/\/www.din-amo.be\/wp-content\/uploads\/2023\/12\/AMOnet-logo-2015-B.png 640w\" sizes=\"(max-width: 300px) 100vw, 300px\" \/>\t\t\t\t\t\t\t\t<\/a>\n\t\t\t\t\t\t\t\t\t\t\t\t\t\t\t<\/div>\n\t\t\t\t<\/div>\n\t\t\t\t<div class=\"elementor-element elementor-element-e9dbce1 elementor-widget elementor-widget-text-editor\" data-id=\"e9dbce1\" data-element_type=\"widget\" data-e-type=\"widget\" data-widget_type=\"text-editor.default\">\n\t\t\t\t<div class=\"elementor-widget-container\">\n\t\t\t\t\t\t\t\t\t<p>Espace de r\u00e9flexion autour des TIC(s) EN AMO(s)<\/p><p><strong>2 axes de travail:<\/strong><\/p><p><strong>1 : Services AMO<\/strong><br \/>\u00eatre un collectif ressource qui se penche sur des questions propres aux AMO en relation avec l\u2019usage des TIC dans la r\u00e9alisation de leurs missions.<\/p><p><strong>2 : Pr\u00e9vention jeunes, familles, \u00e9coles\u2026<\/strong><br \/>li\u00e9 \u00e0 l\u2019utilisation d\u2019Internet \u00e0 destination des jeunes et des familles : quelles sont les violences subies par les jeunes o\u00f9 intervient l\u2019utilisation d\u2019Internet et pour lesquels ils semblent qu\u2019une action AMO soit opportune ?<\/p>\t\t\t\t\t\t\t\t<\/div>\n\t\t\t\t<\/div>\n\t\t\t\t\t<\/div>\n\t\t\t\t<\/div>\n\t\t<div class=\"elementor-element elementor-element-06aa88e e-flex e-con-boxed wpr-particle-no wpr-jarallax-no wpr-parallax-no wpr-sticky-section-no e-con e-parent\" data-id=\"06aa88e\" data-element_type=\"container\" data-e-type=\"container\">\n\t\t\t\t\t<div class=\"e-con-inner\">\n\t\t<div class=\"elementor-element elementor-element-1292fe0 e-con-full e-flex wpr-particle-no wpr-jarallax-no wpr-parallax-no wpr-sticky-section-no e-con e-child\" data-id=\"1292fe0\" data-element_type=\"container\" data-e-type=\"container\">\n\t\t\t\t<div class=\"elementor-element elementor-element-676e1c3 elementor-widget elementor-widget-text-editor\" data-id=\"676e1c3\" data-element_type=\"widget\" data-e-type=\"widget\" data-widget_type=\"text-editor.default\">\n\t\t\t\t<div class=\"elementor-widget-container\">\n\t\t\t\t\t\t\t\t\t<p><strong>Bureau de coordination du collectif :<\/strong><\/p><p>Coralie LAMBERT de l\u2019AMO Point Jeune Luxembourg (Virton)<br \/>Pierre-Antoine\u00a0STURBOIS de l\u2019AMO Arp\u00e8ge (Saint-Ghislain)<br \/>C\u00e9dric TOURNEUR de L\u2019AMO Dinamo (Dinant)<\/p><p><strong>Composition du Collectif :<\/strong><\/p><p>. Agora Jeune de Comines<br \/>\u2022 AJMO de Charleroi<br \/>\u2022 AMOSA de Ath<br \/>\u2022 Arp\u00e8ge de Saint-Ghislain<br \/>\u2022 Basse Sambre de Sambreville<br \/>\u2022 Carrefour J de Wavre<br \/>\u2022 Canal J de Tournai<br \/>\u2022 CEMO de Saint-Gilles<br \/>\u2022 Le CIAC de Couvin<br \/>\u2022 DDJ de Li\u00e8ge<br \/>\u2022 Dinamo de Dinant<br \/>\u2022 Globul\u2019in de Dinant<br \/>\u2022 Graine d\u2019Antoing<br \/>\u2022\u00a0Inser\u2019action de Saint-Josse<br \/>\u2022 Mic-Ados de Marche<br \/>\u2022 Oxyjeune de Rance<br \/>\u2022 Point Jaune de Charleroi<br \/>\u2022 Point Jeune de Virton<br \/>\u2022 SDJ de Mons<br \/>\u2022 TCC Accueil de Anderlecht<br \/>\u2022 Tempo de Nivelles<br \/>\u2022 Transit de la Louvi\u00e8re<br \/>Avec l\u2019appui m\u00e9thodologique de l\u2019asbl RTA<\/p>\t\t\t\t\t\t\t\t<\/div>\n\t\t\t\t<\/div>\n\t\t\t\t<\/div>\n\t\t<div class=\"elementor-element elementor-element-052470f e-con-full e-flex wpr-particle-no wpr-jarallax-no wpr-parallax-no wpr-sticky-section-no e-con e-child\" data-id=\"052470f\" data-element_type=\"container\" data-e-type=\"container\">\n\t\t\t\t<div class=\"elementor-element elementor-element-fe7f140 elementor-widget elementor-widget-text-editor\" data-id=\"fe7f140\" data-element_type=\"widget\" data-e-type=\"widget\" data-widget_type=\"text-editor.default\">\n\t\t\t\t<div class=\"elementor-widget-container\">\n\t\t\t\t\t\t\t\t\t<p><strong>6 Commissions de travail :<\/strong><br \/>\u2022 \u00c9v\u00e9nements \/outils<br \/>\u2022 Balises<br \/>\u2022 Parentalit\u00e9<br \/>\u2022 \u00c9tude des diagnostics sociaux<br \/>\u2022 Recueil des donn\u00e9es \/ formations \/ \u2026<br \/>\u2022 Site<\/p><p><strong>Les Balises m\u00e9thodologiques :<\/strong><br \/>1- Principes de n\u00e9cessit\u00e9<br \/>2- Principes de pr\u00e9caution<br \/>3- Devoir de surveillance<br \/>4- Principes \u00e9ducatifs<br \/>5- Principes m\u00e9thodologiques<\/p><p><strong>Coordonn\u00e9es et liens utiles :<\/strong><br \/>Coralie LAMBERT \u2013 0495\/34.75.92 &#8211; <span style=\"text-decoration: underline;\"><a href=\"info@amo.be\">info@amo.be<\/a><\/span><br \/>Site web AMOnet : <a href=\"http:\/\/www.amonet.be\"><span style=\"text-decoration: underline;\">www.amonet.be<\/span><\/a><br \/>Carnet AJ sur le premier colloque (balises) : <span style=\"text-decoration: underline;\"><a href=\"http:\/\/www.intermag.be\/balises-pour-lutilisation-des-tic-en-amo\">www.intermag.be\/balises-pour-lutilisation-des-tic-en-amo<\/a><\/span><br \/>Mail de contact : <a href=\"mailto:collectif.amonet@gmail.com\"><span style=\"text-decoration: underline;\">collectif.amonet@gmail.com<\/span><\/a><\/p><p>Facebook : <span style=\"text-decoration: underline;\"><a href=\"http:\/\/facebook.com\/amonetbe\">facebook.com\/amonetbe<\/a><\/span><\/p>\t\t\t\t\t\t\t\t<\/div>\n\t\t\t\t<\/div>\n\t\t\t\t<\/div>\n\t\t\t\t\t<\/div>\n\t\t\t\t<\/div>\n\t\t<div class=\"elementor-element elementor-element-e1de1a5 e-flex e-con-boxed wpr-particle-no wpr-jarallax-no wpr-parallax-no wpr-sticky-section-no e-con e-parent\" data-id=\"e1de1a5\" data-element_type=\"container\" data-e-type=\"container\">\n\t\t\t\t\t<div class=\"e-con-inner\">\n\t\t\t\t<div class=\"elementor-element elementor-element-6bc67a3 wpr-list-style-none elementor-widget elementor-widget-wpr-posts-timeline\" data-id=\"6bc67a3\" data-element_type=\"widget\" data-e-type=\"widget\" data-settings=\"{&quot;animation_offset&quot;:150,&quot;aos_animation_duration&quot;:600}\" data-widget_type=\"wpr-posts-timeline.default\">\n\t\t\t\t<div class=\"elementor-widget-container\">\n\t\t\t\t\t\n\t\t<div class=\"wpr-wrapper wpr-vertical wpr-one-sided-wrapper\">\n\t\t\t<div class=\"wpr-timeline-centered wpr-line wpr-one-sided-timeline\"><div class=\"wpr-middle-line\"><\/div><div class=\"wpr-timeline-fill\" data-layout=\"one-sided\"><\/div><span class=\"wpr-year-wrap\"><span class=\"wpr-year-label wpr-year\">Historique<\/span><\/span><article class=\"wpr-timeline-entry wpr-right-aligned elementor-repeater-item-24f8229\" data-item-id=\"elementor-repeater-item-24f8229\"><time class=\"wpr-extra-label\" data-aos=\"fade\" data-aos-left=\"\" data-aos-right=\"\" data-animation-offset=\"150\" data-animation-duration=\"600\"><span class=\"wpr-label\">2007-2008-2009<\/span><\/time><div class=\"wpr-timeline-entry-inner\"><div class=\"wpr-main-line-icon wpr-icon\"><svg aria-hidden=\"true\" class=\"e-font-icon-svg e-far-arrow-alt-circle-down\" viewBox=\"0 0 512 512\" xmlns=\"http:\/\/www.w3.org\/2000\/svg\"><path d=\"M256 8C119 8 8 119 8 256s111 248 248 248 248-111 248-248S393 8 256 8zm0 448c-110.5 0-200-89.5-200-200S145.5 56 256 56s200 89.5 200 200-89.5 200-200 200zm-32-316v116h-67c-10.7 0-16 12.9-8.5 20.5l99 99c4.7 4.7 12.3 4.7 17 0l99-99c7.6-7.6 2.2-20.5-8.5-20.5h-67V140c0-6.6-5.4-12-12-12h-40c-6.6 0-12 5.4-12 12z\"><\/path><\/svg><\/div><div class=\"wpr-story-info-vertical wpr-data-wrap \"  data-aos=\"fade\" data-aos-left=\"\" data-aos-right=\"\" data-animation-offset=\"150\" data-animation-duration=\"600\"><div class=\"wpr-timeline-content-wrapper\"><div class=\"wpr-content-wrapper\"><div class=\"wpr-description\"><p>Intrigu\u00e9 par les demandes de jeunes souhaitant rester en contact avec les travailleurs par voie de r\u00e9seau, et sachant que s\u2019adapter aux \u00e9volutions et \u00eatre pr\u00e9sent dans les milieux de vie du jeune fait partie de nos arr\u00eat\u00e9s, l\u2019AMO Dinamo entreprend de se pencher sur la question. Cr\u00e9ation d\u2019une commission de r\u00e9flexion \u00e0 Dinamo.<br \/>Ouverture d\u2019un chat MSN avec les jeunes de l\u2019individuel.<br \/>Face au constat d\u2019un manque de rep\u00e8res m\u00e9thodologiques et d\u2019un manque de prise de position de notre tutelle, l\u2019AMO va confronter sa r\u00e9alit\u00e9 aux autres AMO en leur envoyant un questionnaire : m\u00eame constat d\u2019un manque de rep\u00e8res.<\/p><\/div><\/div><\/div><\/div>\n\t\t\t\t\t\t<\/div>\n\t\t\t\t<\/article><article class=\"wpr-timeline-entry wpr-right-aligned elementor-repeater-item-b2f8d09\" data-item-id=\"elementor-repeater-item-b2f8d09\"><time class=\"wpr-extra-label\" data-aos=\"fade\" data-aos-left=\"\" data-aos-right=\"\" data-animation-offset=\"150\" data-animation-duration=\"600\"><span class=\"wpr-label\">2010<\/span><\/time><div class=\"wpr-timeline-entry-inner\"><div class=\"wpr-main-line-icon wpr-icon\"><svg aria-hidden=\"true\" class=\"e-font-icon-svg e-fas-arrow-alt-circle-down\" viewBox=\"0 0 512 512\" xmlns=\"http:\/\/www.w3.org\/2000\/svg\"><path d=\"M504 256c0 137-111 248-248 248S8 393 8 256 119 8 256 8s248 111 248 248zM212 140v116h-70.9c-10.7 0-16.1 13-8.5 20.5l114.9 114.3c4.7 4.7 12.2 4.7 16.9 0l114.9-114.3c7.6-7.6 2.2-20.5-8.5-20.5H300V140c0-6.6-5.4-12-12-12h-64c-6.6 0-12 5.4-12 12z\"><\/path><\/svg><\/div><div class=\"wpr-story-info-vertical wpr-data-wrap \"  data-aos=\"fade\" data-aos-left=\"\" data-aos-right=\"\" data-animation-offset=\"150\" data-animation-duration=\"600\"><div class=\"wpr-timeline-content-wrapper\"><div class=\"wpr-content-wrapper\"><div class=\"wpr-description\"><p>Cr\u00e9ation du collectif avec accompagnement m\u00e9thodologique de RTA<br \/>Mise en place de 3 s\u00e9minaires :<br \/>Les aspects juridiques et sociologiques ont \u00e9t\u00e9 abord\u00e9s lors d\u2019un s\u00e9minaire avec Jean-Marc Van Gyseghem (CRIDS) et un avec Jean-Luc Manise (CESEP) ; le troisi\u00e8me, avec Edwin de Boev\u00e9 (Dynamo), a permis d\u2019\u00e9valuer les similitudes avec le travail de rue. Ce travail de r\u00e9flexion, confront\u00e9 aux exp\u00e9riences concr\u00e8tes men\u00e9es par les AMO du collectif a men\u00e9 \u00e0 la Cr\u00e9ation des balises \u00e0 l\u2019utilisation des TIC en AMO.<\/p><\/div><\/div><\/div><\/div>\n\t\t\t\t\t\t<\/div>\n\t\t\t\t<\/article><article class=\"wpr-timeline-entry wpr-right-aligned elementor-repeater-item-d82322c\" data-item-id=\"elementor-repeater-item-d82322c\"><time class=\"wpr-extra-label\" data-aos=\"fade\" data-aos-left=\"\" data-aos-right=\"\" data-animation-offset=\"150\" data-animation-duration=\"600\"><span class=\"wpr-label\">2012<\/span><\/time><div class=\"wpr-timeline-entry-inner\"><div class=\"wpr-main-line-icon wpr-icon\"><svg aria-hidden=\"true\" class=\"e-font-icon-svg e-fas-arrow-alt-circle-down\" viewBox=\"0 0 512 512\" xmlns=\"http:\/\/www.w3.org\/2000\/svg\"><path d=\"M504 256c0 137-111 248-248 248S8 393 8 256 119 8 256 8s248 111 248 248zM212 140v116h-70.9c-10.7 0-16.1 13-8.5 20.5l114.9 114.3c4.7 4.7 12.2 4.7 16.9 0l114.9-114.3c7.6-7.6 2.2-20.5-8.5-20.5H300V140c0-6.6-5.4-12-12-12h-64c-6.6 0-12 5.4-12 12z\"><\/path><\/svg><\/div><div class=\"wpr-story-info-vertical wpr-data-wrap \"  data-aos=\"fade\" data-aos-left=\"\" data-aos-right=\"\" data-animation-offset=\"150\" data-animation-duration=\"600\"><div class=\"wpr-timeline-content-wrapper\"><div class=\"wpr-content-wrapper\"><div class=\"wpr-description\"><p>Organisation d\u2019un colloque \u00ab Milieux ouverts sur le net : Quelles balises d\u2019utilisationsdes TIC en AMO \u00bb<\/p><\/div><\/div><\/div><\/div>\n\t\t\t\t\t\t<\/div>\n\t\t\t\t<\/article><article class=\"wpr-timeline-entry wpr-right-aligned elementor-repeater-item-eb038d8\" data-item-id=\"elementor-repeater-item-eb038d8\"><time class=\"wpr-extra-label\" data-aos=\"fade\" data-aos-left=\"\" data-aos-right=\"\" data-animation-offset=\"150\" data-animation-duration=\"600\"><span class=\"wpr-label\">2013-2014-2015-2016<\/span><\/time><div class=\"wpr-timeline-entry-inner\"><div class=\"wpr-main-line-icon wpr-icon\"><svg aria-hidden=\"true\" class=\"e-font-icon-svg e-fas-arrow-alt-circle-down\" viewBox=\"0 0 512 512\" xmlns=\"http:\/\/www.w3.org\/2000\/svg\"><path d=\"M504 256c0 137-111 248-248 248S8 393 8 256 119 8 256 8s248 111 248 248zM212 140v116h-70.9c-10.7 0-16.1 13-8.5 20.5l114.9 114.3c4.7 4.7 12.2 4.7 16.9 0l114.9-114.3c7.6-7.6 2.2-20.5-8.5-20.5H300V140c0-6.6-5.4-12-12-12h-64c-6.6 0-12 5.4-12 12z\"><\/path><\/svg><\/div><div class=\"wpr-story-info-vertical wpr-data-wrap \"  data-aos=\"fade\" data-aos-left=\"\" data-aos-right=\"\" data-animation-offset=\"150\" data-animation-duration=\"600\"><div class=\"wpr-timeline-content-wrapper\"><div class=\"wpr-content-wrapper\"><div class=\"wpr-description\"><p>\u2022 Organisation de la premi\u00e8re foire aux outils.<br \/>\u2022 Organisation du travail du collectif en commissions.<br \/>\u2022 Organisation du plan d\u2019atelier et d\u2019\u00e9changes sur les outils utilis\u00e9s en AMO concernant les TIC, ouvert aux autres secteurs.<br \/>\u2022 Sortie du webdoc sur les ateliers (8 ateliers repr\u00e9sent\u00e9s).<br \/>\u2022 Deuxi\u00e8me foire aux Outils et table ronde sur la cyberd\u00e9pendance.<br \/>\u2022 Participation \u00e0 la semaine num\u00e9rique.<br \/>\u2022 Participation\/pr\u00e9sentation \u00e0 divers colloques\u2026<\/p><\/div><\/div><\/div><\/div>\n\t\t\t\t\t\t<\/div>\n\t\t\t\t<\/article><\/div>    \n\t\t\t<\/div>\t\t\t\t<\/div>\n\t\t\t\t<\/div>\n\t\t\t\t\t<\/div>\n\t\t\t\t<\/div>\n\t\t\t\t<\/div>\n\t\t","protected":false},"excerpt":{"rendered":"<p>Espace de r\u00e9flexion autour des TIC(s) EN AMO(s) 2 axes de travail: 1 : Services AMO\u00eatre un collectif ressource qui se penche sur des questions propres aux AMO en relation avec l\u2019usage des TIC dans la r\u00e9alisation de leurs missions. 2 : Pr\u00e9vention jeunes, familles, \u00e9coles\u2026li\u00e9 \u00e0 l\u2019utilisation d\u2019Internet \u00e0 destination des jeunes et des familles : quelles sont les violences subies par les jeunes o\u00f9 intervient l\u2019utilisation d\u2019Internet et pour lesquels ils semblent qu\u2019une action AMO soit opportune ? Bureau de coordination du collectif : Coralie LAMBERT de l\u2019AMO Point Jeune Luxembourg (Virton)Pierre-Antoine\u00a0STURBOIS de l\u2019AMO Arp\u00e8ge (Saint-Ghislain)C\u00e9dric TOURNEUR de L\u2019AMO Dinamo (Dinant) Composition du Collectif : . Agora Jeune de Comines\u2022 AJMO de Charleroi\u2022 AMOSA de Ath\u2022 Arp\u00e8ge de Saint-Ghislain\u2022 Basse Sambre de Sambreville\u2022 Carrefour J de Wavre\u2022 Canal J de Tournai\u2022 CEMO de Saint-Gilles\u2022 Le CIAC de Couvin\u2022 DDJ de Li\u00e8ge\u2022 Dinamo de Dinant\u2022 Globul\u2019in de Dinant\u2022 Graine d\u2019Antoing\u2022\u00a0Inser\u2019action de Saint-Josse\u2022 Mic-Ados de Marche\u2022 Oxyjeune de Rance\u2022 Point Jaune de Charleroi\u2022 Point Jeune de Virton\u2022 SDJ de Mons\u2022 TCC Accueil de Anderlecht\u2022 Tempo de Nivelles\u2022 Transit de la Louvi\u00e8reAvec l\u2019appui m\u00e9thodologique de l\u2019asbl RTA 6 Commissions de travail :\u2022 \u00c9v\u00e9nements \/outils\u2022 Balises\u2022 Parentalit\u00e9\u2022 \u00c9tude des diagnostics sociaux\u2022 Recueil des donn\u00e9es \/ formations \/ \u2026\u2022 Site Les Balises m\u00e9thodologiques :1- Principes de n\u00e9cessit\u00e92- Principes de pr\u00e9caution3- Devoir de surveillance4- Principes \u00e9ducatifs5- Principes m\u00e9thodologiques Coordonn\u00e9es et liens utiles :Coralie LAMBERT \u2013 0495\/34.75.92 &#8211; info@amo.beSite web AMOnet : www.amonet.beCarnet AJ sur le premier colloque (balises) : www.intermag.be\/balises-pour-lutilisation-des-tic-en-amoMail de contact : collectif.amonet@gmail.com Facebook : facebook.com\/amonetbe Historique 2007-2008-2009 Intrigu\u00e9 par les demandes de jeunes souhaitant rester en contact avec les travailleurs par voie de r\u00e9seau, et sachant que s\u2019adapter aux \u00e9volutions et \u00eatre pr\u00e9sent dans les milieux de vie du jeune fait partie de nos arr\u00eat\u00e9s, l\u2019AMO Dinamo entreprend de se pencher sur la question. Cr\u00e9ation d\u2019une commission de r\u00e9flexion \u00e0 Dinamo.Ouverture d\u2019un chat MSN avec les jeunes de l\u2019individuel.Face au constat d\u2019un manque de rep\u00e8res m\u00e9thodologiques et d\u2019un manque de prise de position de notre tutelle, l\u2019AMO va confronter sa r\u00e9alit\u00e9 aux autres AMO en leur envoyant un questionnaire : m\u00eame constat d\u2019un manque de rep\u00e8res. 2010 Cr\u00e9ation du collectif avec accompagnement m\u00e9thodologique de RTAMise en place de 3 s\u00e9minaires :Les aspects juridiques et sociologiques ont \u00e9t\u00e9 abord\u00e9s lors d\u2019un s\u00e9minaire avec Jean-Marc Van Gyseghem (CRIDS) et un avec Jean-Luc Manise (CESEP) ; le troisi\u00e8me, avec Edwin de Boev\u00e9 (Dynamo), a permis d\u2019\u00e9valuer les similitudes avec le travail de rue. Ce travail de r\u00e9flexion, confront\u00e9 aux exp\u00e9riences concr\u00e8tes men\u00e9es par les AMO du collectif a men\u00e9 \u00e0 la Cr\u00e9ation des balises \u00e0 l\u2019utilisation des TIC en AMO. 2012 Organisation d\u2019un colloque \u00ab Milieux ouverts sur le net : Quelles balises d\u2019utilisationsdes TIC en AMO \u00bb 2013-2014-2015-2016 \u2022 Organisation de la premi\u00e8re foire aux outils.\u2022 Organisation du travail du collectif en commissions.\u2022 Organisation du plan d\u2019atelier et d\u2019\u00e9changes sur les outils utilis\u00e9s en AMO concernant les TIC, ouvert aux autres secteurs.\u2022 Sortie du webdoc sur les ateliers (8 ateliers repr\u00e9sent\u00e9s).\u2022 Deuxi\u00e8me foire aux Outils et table ronde sur la cyberd\u00e9pendance.\u2022 Participation \u00e0 la semaine num\u00e9rique.\u2022 Participation\/pr\u00e9sentation \u00e0 divers colloques\u2026<\/p>\n","protected":false},"author":5,"featured_media":0,"parent":2584,"menu_order":8,"comment_status":"closed","ping_status":"open","template":"","meta":{"_eb_attr":"","ocean_post_layout":"","ocean_both_sidebars_style":"","ocean_both_sidebars_content_width":0,"ocean_both_sidebars_sidebars_width":0,"ocean_sidebar":"","ocean_second_sidebar":"","ocean_disable_margins":"enable","ocean_add_body_class":"","ocean_shortcode_before_top_bar":"","ocean_shortcode_after_top_bar":"","ocean_shortcode_before_header":"","ocean_shortcode_after_header":"","ocean_has_shortcode":"","ocean_shortcode_after_title":"","ocean_shortcode_before_footer_widgets":"","ocean_shortcode_after_footer_widgets":"","ocean_shortcode_before_footer_bottom":"","ocean_shortcode_after_footer_bottom":"","ocean_display_top_bar":"default","ocean_display_header":"default","ocean_header_style":"","ocean_center_header_left_menu":"","ocean_custom_header_template":"","ocean_custom_logo":0,"ocean_custom_retina_logo":0,"ocean_custom_logo_max_width":0,"ocean_custom_logo_tablet_max_width":0,"ocean_custom_logo_mobile_max_width":0,"ocean_custom_logo_max_height":0,"ocean_custom_logo_tablet_max_height":0,"ocean_custom_logo_mobile_max_height":0,"ocean_header_custom_menu":"","ocean_menu_typo_font_family":"","ocean_menu_typo_font_subset":"","ocean_menu_typo_font_size":0,"ocean_menu_typo_font_size_tablet":0,"ocean_menu_typo_font_size_mobile":0,"ocean_menu_typo_font_size_unit":"px","ocean_menu_typo_font_weight":"","ocean_menu_typo_font_weight_tablet":"","ocean_menu_typo_font_weight_mobile":"","ocean_menu_typo_transform":"","ocean_menu_typo_transform_tablet":"","ocean_menu_typo_transform_mobile":"","ocean_menu_typo_line_height":0,"ocean_menu_typo_line_height_tablet":0,"ocean_menu_typo_line_height_mobile":0,"ocean_menu_typo_line_height_unit":"","ocean_menu_typo_spacing":0,"ocean_menu_typo_spacing_tablet":0,"ocean_menu_typo_spacing_mobile":0,"ocean_menu_typo_spacing_unit":"","ocean_menu_link_color":"","ocean_menu_link_color_hover":"","ocean_menu_link_color_active":"","ocean_menu_link_background":"","ocean_menu_link_hover_background":"","ocean_menu_link_active_background":"","ocean_menu_social_links_bg":"","ocean_menu_social_hover_links_bg":"","ocean_menu_social_links_color":"","ocean_menu_social_hover_links_color":"","ocean_disable_title":"default","ocean_disable_heading":"default","ocean_post_title":"","ocean_post_subheading":"","ocean_post_title_style":"","ocean_post_title_background_color":"","ocean_post_title_background":0,"ocean_post_title_bg_image_position":"","ocean_post_title_bg_image_attachment":"","ocean_post_title_bg_image_repeat":"","ocean_post_title_bg_image_size":"","ocean_post_title_height":0,"ocean_post_title_bg_overlay":0.5,"ocean_post_title_bg_overlay_color":"","ocean_disable_breadcrumbs":"default","ocean_breadcrumbs_color":"","ocean_breadcrumbs_separator_color":"","ocean_breadcrumbs_links_color":"","ocean_breadcrumbs_links_hover_color":"","ocean_display_footer_widgets":"default","ocean_display_footer_bottom":"default","ocean_custom_footer_template":"","footnotes":""},"class_list":["post-1414","page","type-page","status-publish","hentry","entry"],"_links":{"self":[{"href":"https:\/\/www.din-amo.be\/index.php?rest_route=\/wp\/v2\/pages\/1414","targetHints":{"allow":["GET"]}}],"collection":[{"href":"https:\/\/www.din-amo.be\/index.php?rest_route=\/wp\/v2\/pages"}],"about":[{"href":"https:\/\/www.din-amo.be\/index.php?rest_route=\/wp\/v2\/types\/page"}],"author":[{"embeddable":true,"href":"https:\/\/www.din-amo.be\/index.php?rest_route=\/wp\/v2\/users\/5"}],"replies":[{"embeddable":true,"href":"https:\/\/www.din-amo.be\/index.php?rest_route=%2Fwp%2Fv2%2Fcomments&post=1414"}],"version-history":[{"count":55,"href":"https:\/\/www.din-amo.be\/index.php?rest_route=\/wp\/v2\/pages\/1414\/revisions"}],"predecessor-version":[{"id":3569,"href":"https:\/\/www.din-amo.be\/index.php?rest_route=\/wp\/v2\/pages\/1414\/revisions\/3569"}],"up":[{"embeddable":true,"href":"https:\/\/www.din-amo.be\/index.php?rest_route=\/wp\/v2\/pages\/2584"}],"wp:attachment":[{"href":"https:\/\/www.din-amo.be\/index.php?rest_route=%2Fwp%2Fv2%2Fmedia&parent=1414"}],"curies":[{"name":"wp","href":"https:\/\/api.w.org\/{rel}","templated":true}]}}