{"id":1239,"date":"2017-12-18T11:02:36","date_gmt":"2017-12-18T10:02:36","guid":{"rendered":"http:\/\/www.din-amo.be\/?page_id=1239"},"modified":"2023-12-19T16:36:57","modified_gmt":"2023-12-19T15:36:57","slug":"atelier-libre-expression-a-beauraing","status":"publish","type":"page","link":"https:\/\/www.din-amo.be\/?page_id=1239","title":{"rendered":"Atelier Librex"},"content":{"rendered":"\t\t<div data-elementor-type=\"wp-page\" data-elementor-id=\"1239\" class=\"elementor elementor-1239\">\n\t\t\t\t<div class=\"elementor-element elementor-element-9c61e7a e-flex e-con-boxed wpr-particle-no wpr-jarallax-no wpr-parallax-no wpr-sticky-section-no e-con e-parent\" data-id=\"9c61e7a\" data-element_type=\"container\" data-e-type=\"container\">\n\t\t\t\t\t<div class=\"e-con-inner\">\n\t\t<div class=\"elementor-element elementor-element-b665a7a e-con-full e-flex wpr-particle-no wpr-jarallax-no wpr-parallax-no wpr-sticky-section-no e-con e-child\" data-id=\"b665a7a\" data-element_type=\"container\" data-e-type=\"container\">\n\t\t\t\t<div class=\"elementor-element elementor-element-517b971 elementor-widget elementor-widget-image\" data-id=\"517b971\" data-element_type=\"widget\" data-e-type=\"widget\" data-widget_type=\"image.default\">\n\t\t\t\t<div class=\"elementor-widget-container\">\n\t\t\t\t\t\t\t\t\t\t\t\t\t\t\t<img fetchpriority=\"high\" decoding=\"async\" width=\"375\" height=\"375\" src=\"https:\/\/www.din-amo.be\/wp-content\/uploads\/2023\/12\/Atelier-LIBREX.png\" class=\"attachment-large size-large wp-image-2674\" alt=\"\" srcset=\"https:\/\/www.din-amo.be\/wp-content\/uploads\/2023\/12\/Atelier-LIBREX.png 375w, https:\/\/www.din-amo.be\/wp-content\/uploads\/2023\/12\/Atelier-LIBREX-300x300.png 300w, https:\/\/www.din-amo.be\/wp-content\/uploads\/2023\/12\/Atelier-LIBREX-150x150.png 150w, https:\/\/www.din-amo.be\/wp-content\/uploads\/2023\/12\/Atelier-LIBREX-100x100.png 100w, https:\/\/www.din-amo.be\/wp-content\/uploads\/2023\/12\/Atelier-LIBREX-105x105.png 105w, https:\/\/www.din-amo.be\/wp-content\/uploads\/2023\/12\/Atelier-LIBREX-212x212.png 212w, https:\/\/www.din-amo.be\/wp-content\/uploads\/2023\/12\/Atelier-LIBREX-75x75.png 75w, https:\/\/www.din-amo.be\/wp-content\/uploads\/2023\/12\/Atelier-LIBREX-56x56.png 56w, https:\/\/www.din-amo.be\/wp-content\/uploads\/2023\/12\/Atelier-LIBREX-69x69.png 69w, https:\/\/www.din-amo.be\/wp-content\/uploads\/2023\/12\/Atelier-LIBREX-145x145.png 145w\" sizes=\"(max-width: 375px) 100vw, 375px\" \/>\t\t\t\t\t\t\t\t\t\t\t\t\t\t\t<\/div>\n\t\t\t\t<\/div>\n\t\t\t\t<\/div>\n\t\t<div class=\"elementor-element elementor-element-a29f67e e-con-full e-flex wpr-particle-no wpr-jarallax-no wpr-parallax-no wpr-sticky-section-no e-con e-child\" data-id=\"a29f67e\" data-element_type=\"container\" data-e-type=\"container\">\n\t\t\t\t<div class=\"elementor-element elementor-element-cbe8789 elementor-widget elementor-widget-text-editor\" data-id=\"cbe8789\" data-element_type=\"widget\" data-e-type=\"widget\" data-widget_type=\"text-editor.default\">\n\t\t\t\t<div class=\"elementor-widget-container\">\n\t\t\t\t\t\t\t\t\t<p><strong>L\u2019atelier \u00ab\u00a0Librex\u00a0\u00bb\u00a0permet aux enfants de s\u2019exprimer librement gr\u00e2ce \u00e0 l\u2019utilisation de diff\u00e9rents m\u00e9dias ( terre, peinture, mat\u00e9riel de r\u00e9cup\u00e9ration, \u00e9criture, etc\u2026) dans un cadre bien d\u00e9fini.<\/strong><\/p>\t\t\t\t\t\t\t\t<\/div>\n\t\t\t\t<\/div>\n\t\t\t\t<div class=\"elementor-element elementor-element-3bff095 elementor-widget-divider--view-line elementor-widget elementor-widget-divider\" data-id=\"3bff095\" data-element_type=\"widget\" data-e-type=\"widget\" data-widget_type=\"divider.default\">\n\t\t\t\t<div class=\"elementor-widget-container\">\n\t\t\t\t\t\t\t<div class=\"elementor-divider\">\n\t\t\t<span class=\"elementor-divider-separator\">\n\t\t\t\t\t\t<\/span>\n\t\t<\/div>\n\t\t\t\t\t\t<\/div>\n\t\t\t\t<\/div>\n\t\t\t\t<\/div>\n\t\t\t\t\t<\/div>\n\t\t\t\t<\/div>\n\t\t<div class=\"elementor-element elementor-element-e421c94 e-flex e-con-boxed wpr-particle-no wpr-jarallax-no wpr-parallax-no wpr-sticky-section-no e-con e-parent\" data-id=\"e421c94\" data-element_type=\"container\" data-e-type=\"container\">\n\t\t\t\t\t<div class=\"e-con-inner\">\n\t\t<div class=\"elementor-element elementor-element-ff1aa40 e-con-full e-flex wpr-particle-no wpr-jarallax-no wpr-parallax-no wpr-sticky-section-no e-con e-child\" data-id=\"ff1aa40\" data-element_type=\"container\" data-e-type=\"container\">\n\t\t\t\t<div class=\"elementor-element elementor-element-8cbd1b0 elementor-widget elementor-widget-heading\" data-id=\"8cbd1b0\" data-element_type=\"widget\" data-e-type=\"widget\" data-widget_type=\"heading.default\">\n\t\t\t\t<div class=\"elementor-widget-container\">\n\t\t\t\t\t<h2 class=\"elementor-heading-title elementor-size-default\">Horaires<\/h2>\t\t\t\t<\/div>\n\t\t\t\t<\/div>\n\t\t\t\t<div class=\"elementor-element elementor-element-0e684b8 elementor-widget elementor-widget-text-editor\" data-id=\"0e684b8\" data-element_type=\"widget\" data-e-type=\"widget\" data-widget_type=\"text-editor.default\">\n\t\t\t\t<div class=\"elementor-widget-container\">\n\t\t\t\t\t\t\t\t\t<p>Un mercredi sur 2 \u00e0 Beauraing de 14h \u00e0 16h, sauf pendant les vacances scolaires.<\/p>\t\t\t\t\t\t\t\t<\/div>\n\t\t\t\t<\/div>\n\t\t\t\t<\/div>\n\t\t<div class=\"elementor-element elementor-element-63b3ba3 e-con-full e-flex wpr-particle-no wpr-jarallax-no wpr-parallax-no wpr-sticky-section-no e-con e-child\" data-id=\"63b3ba3\" data-element_type=\"container\" data-e-type=\"container\">\n\t\t\t\t<div class=\"elementor-element elementor-element-2c48d6a elementor-widget elementor-widget-heading\" data-id=\"2c48d6a\" data-element_type=\"widget\" data-e-type=\"widget\" data-widget_type=\"heading.default\">\n\t\t\t\t<div class=\"elementor-widget-container\">\n\t\t\t\t\t<h2 class=\"elementor-heading-title elementor-size-default\">Public<\/h2>\t\t\t\t<\/div>\n\t\t\t\t<\/div>\n\t\t\t\t<div class=\"elementor-element elementor-element-160993d elementor-widget elementor-widget-text-editor\" data-id=\"160993d\" data-element_type=\"widget\" data-e-type=\"widget\" data-widget_type=\"text-editor.default\">\n\t\t\t\t<div class=\"elementor-widget-container\">\n\t\t\t\t\t\t\t\t\t<p>Pour les 5-10 ans.<br \/>Nous travaillons avec un groupe de 8 enfants au maximum.<\/p>\t\t\t\t\t\t\t\t<\/div>\n\t\t\t\t<\/div>\n\t\t\t\t<\/div>\n\t\t<div class=\"elementor-element elementor-element-f796fe4 e-con-full e-flex wpr-particle-no wpr-jarallax-no wpr-parallax-no wpr-sticky-section-no e-con e-child\" data-id=\"f796fe4\" data-element_type=\"container\" data-e-type=\"container\">\n\t\t\t\t<div class=\"elementor-element elementor-element-94c84ec elementor-widget elementor-widget-heading\" data-id=\"94c84ec\" data-element_type=\"widget\" data-e-type=\"widget\" data-widget_type=\"heading.default\">\n\t\t\t\t<div class=\"elementor-widget-container\">\n\t\t\t\t\t<h2 class=\"elementor-heading-title elementor-size-default\">Lieu<\/h2>\t\t\t\t<\/div>\n\t\t\t\t<\/div>\n\t\t\t\t<div class=\"elementor-element elementor-element-0b99a10 elementor-widget elementor-widget-text-editor\" data-id=\"0b99a10\" data-element_type=\"widget\" data-e-type=\"widget\" data-widget_type=\"text-editor.default\">\n\t\t\t\t<div class=\"elementor-widget-container\">\n\t\t\t\t\t\t\t\t\t<p>A la Calestienne au 1er \u00e9tage : Faubourg Saint-Martin, 22 \u00e0 5570 Beauraing.<\/p>\t\t\t\t\t\t\t\t<\/div>\n\t\t\t\t<\/div>\n\t\t\t\t<\/div>\n\t\t<div class=\"elementor-element elementor-element-51ab839 e-con-full e-flex wpr-particle-no wpr-jarallax-no wpr-parallax-no wpr-sticky-section-no e-con e-child\" data-id=\"51ab839\" data-element_type=\"container\" data-e-type=\"container\">\n\t\t\t\t<div class=\"elementor-element elementor-element-4da8d5b elementor-widget elementor-widget-heading\" data-id=\"4da8d5b\" data-element_type=\"widget\" data-e-type=\"widget\" data-widget_type=\"heading.default\">\n\t\t\t\t<div class=\"elementor-widget-container\">\n\t\t\t\t\t<h2 class=\"elementor-heading-title elementor-size-default\">Co\u00fbt<\/h2>\t\t\t\t<\/div>\n\t\t\t\t<\/div>\n\t\t\t\t<div class=\"elementor-element elementor-element-70410fe elementor-widget elementor-widget-text-editor\" data-id=\"70410fe\" data-element_type=\"widget\" data-e-type=\"widget\" data-widget_type=\"text-editor.default\">\n\t\t\t\t<div class=\"elementor-widget-container\">\n\t\t\t\t\t\t\t\t\t<p>Le premier atelier est gratuit.<br \/>2,5 euros par atelier (mat\u00e9riel compris).<\/p>\t\t\t\t\t\t\t\t<\/div>\n\t\t\t\t<\/div>\n\t\t\t\t<\/div>\n\t\t\t\t\t<\/div>\n\t\t\t\t<\/div>\n\t\t<div class=\"elementor-element elementor-element-9201c41 e-flex e-con-boxed wpr-particle-no wpr-jarallax-no wpr-parallax-no wpr-sticky-section-no e-con e-parent\" data-id=\"9201c41\" data-element_type=\"container\" data-e-type=\"container\">\n\t\t\t\t\t<div class=\"e-con-inner\">\n\t\t<div class=\"elementor-element elementor-element-7f6ace3 e-con-full e-flex wpr-particle-no wpr-jarallax-no wpr-parallax-no wpr-sticky-section-no e-con e-child\" data-id=\"7f6ace3\" data-element_type=\"container\" data-e-type=\"container\">\n\t\t\t\t<div class=\"elementor-element elementor-element-66c34ac elementor-widget elementor-widget-text-editor\" data-id=\"66c34ac\" data-element_type=\"widget\" data-e-type=\"widget\" data-widget_type=\"text-editor.default\">\n\t\t\t\t<div class=\"elementor-widget-container\">\n\t\t\t\t\t\t\t\t\t<h2><strong>Animateurs<\/strong><\/h2><p>Deux animateurs pour chaque atelier.<\/p><p>Charline WATELET,<br \/>C\u00e9dric TOURNEUR,<br \/>Isaline TRICNAUX<\/p><h2><strong>Objectifs<\/strong><\/h2><p>C\u2019est dans un cadre bas\u00e9 sur le respect de soi et des autres que les enfants peuvent laisser libre cours \u00e0 leur cr\u00e9ation. Dans ce sens, certaines r\u00e8gles sont construites avec eux.<br \/>Cet atelier a pour but d\u2019aider les enfants \u00e0 s\u2019exprimer via diff\u00e9rents mat\u00e9riaux mis \u00e0 leur disposition tels que la terre, le dessin, la peinture mais aussi la couture, le grimage, le bricolage,\u2026<br \/>Le choix du support utilis\u00e9 est d\u00e9cid\u00e9 en concertation avec les enfants \u00e0 chaque fin d\u2019atelier.<\/p>\t\t\t\t\t\t\t\t<\/div>\n\t\t\t\t<\/div>\n\t\t\t\t<\/div>\n\t\t<div class=\"elementor-element elementor-element-5f67d6b e-con-full e-flex wpr-particle-no wpr-jarallax-no wpr-parallax-no wpr-sticky-section-no e-con e-child\" data-id=\"5f67d6b\" data-element_type=\"container\" data-e-type=\"container\">\n\t\t\t\t<div class=\"elementor-element elementor-element-fbb25a2 elementor-widget elementor-widget-image\" data-id=\"fbb25a2\" data-element_type=\"widget\" data-e-type=\"widget\" data-widget_type=\"image.default\">\n\t\t\t\t<div class=\"elementor-widget-container\">\n\t\t\t\t\t\t\t\t\t\t\t\t\t\t\t<img decoding=\"async\" width=\"724\" height=\"1024\" src=\"https:\/\/www.din-amo.be\/wp-content\/uploads\/2023\/12\/Librex-2023-1-724x1024.jpg\" class=\"attachment-large size-large wp-image-3613\" alt=\"\" srcset=\"https:\/\/www.din-amo.be\/wp-content\/uploads\/2023\/12\/Librex-2023-1-724x1024.jpg 724w, https:\/\/www.din-amo.be\/wp-content\/uploads\/2023\/12\/Librex-2023-1-212x300.jpg 212w, https:\/\/www.din-amo.be\/wp-content\/uploads\/2023\/12\/Librex-2023-1-768x1086.jpg 768w, https:\/\/www.din-amo.be\/wp-content\/uploads\/2023\/12\/Librex-2023-1-1086x1536.jpg 1086w, https:\/\/www.din-amo.be\/wp-content\/uploads\/2023\/12\/Librex-2023-1.jpg 1414w\" sizes=\"(max-width: 724px) 100vw, 724px\" \/>\t\t\t\t\t\t\t\t\t\t\t\t\t\t\t<\/div>\n\t\t\t\t<\/div>\n\t\t\t\t<\/div>\n\t\t\t\t\t<\/div>\n\t\t\t\t<\/div>\n\t\t<div class=\"elementor-element elementor-element-7962eba2 e-flex e-con-boxed wpr-particle-no wpr-jarallax-no wpr-parallax-no wpr-sticky-section-no e-con e-parent\" data-id=\"7962eba2\" data-element_type=\"container\" data-e-type=\"container\">\n\t\t\t\t\t<div class=\"e-con-inner\">\n\t\t\t\t<div class=\"elementor-element elementor-element-49d3ecad elementor-widget elementor-widget-text-editor\" data-id=\"49d3ecad\" data-element_type=\"widget\" data-e-type=\"widget\" data-widget_type=\"text-editor.default\">\n\t\t\t\t<div class=\"elementor-widget-container\">\n\t\t\t\t\t\t\t\t\t<p><strong><span style=\"text-decoration: underline;\">Cet atelier se d\u00e9roule en trois phases :<\/span><\/strong><br \/>1. Le premier temps est celui de la parole et du \u00ab comment \u00e7a va \u00bb o\u00f9 chaque enfant a le droit d\u2019\u00e9changer avec les autres autour de sujets qui le pr\u00e9occupent.<br \/>2. Le deuxi\u00e8me temps permet d\u2019exp\u00e9rimenter les diff\u00e9rents mat\u00e9riaux et de cr\u00e9er ce qu\u2019il d\u00e9sire dans le respect de chacun. Le \u00ab beau \u00bb n\u2019est pas la priorit\u00e9 de la cr\u00e9ation de l\u2019enfant.<br \/>3. Dans le troisi\u00e8me temps, l\u2019enfant a le choix d\u2019une description orale de sa cr\u00e9ation devant le groupe.<\/p><p>Tout au long de cet atelier, diff\u00e9rentes techniques \u00e9ducatives (l\u2019\u00e9coute active, le d\u00e9veloppement de l\u2019estime de soi,\u2026) sont utilis\u00e9es par les professionnels afin de permettre aux enfants de s\u2019exprimer, d\u2019\u00e9changer et de s\u2019\u00e9couter librement sans aucun jugement.<br \/>Nous gardons secret tout ce qui est dit durant l\u2019atelier pour garantir un lieu s\u00e9curisant \u00e0 chaque enfant.<br \/>L\u2019\u00e9quipe explique aux enfants que ce que qu\u2019ils diront \u00e0 l\u2019atelier ne sera pas r\u00e9p\u00e9t\u00e9 \u00e0 leurs parents ou \u00e0 toute autre personne sauf \u00e0 leur demande. Si toutefois, un enfant a besoin d\u2019exprimer quelque chose qui est difficile \u00e0 dire \u00e0 ses parents, l\u2019\u00e9quipe est l\u00e0 pour l\u2019aider.<br \/>L\u2019atelier est, avant tout, une bulle d\u2019expression.<\/p>\t\t\t\t\t\t\t\t<\/div>\n\t\t\t\t<\/div>\n\t\t\t\t\t<\/div>\n\t\t\t\t<\/div>\n\t\t\t\t<\/div>\n\t\t","protected":false},"excerpt":{"rendered":"<p>L\u2019atelier \u00ab\u00a0Librex\u00a0\u00bb\u00a0permet aux enfants de s\u2019exprimer librement gr\u00e2ce \u00e0 l\u2019utilisation de diff\u00e9rents m\u00e9dias ( terre, peinture, mat\u00e9riel de r\u00e9cup\u00e9ration, \u00e9criture, etc\u2026) dans un cadre bien d\u00e9fini. Horaires Un mercredi sur 2 \u00e0 Beauraing de 14h \u00e0 16h, sauf pendant les vacances scolaires. Public Pour les 5-10 ans.Nous travaillons avec un groupe de 8 enfants au maximum. Lieu A la Calestienne au 1er \u00e9tage : Faubourg Saint-Martin, 22 \u00e0 5570 Beauraing. Co\u00fbt Le premier atelier est gratuit.2,5 euros par atelier (mat\u00e9riel compris). Animateurs Deux animateurs pour chaque atelier. Charline WATELET,C\u00e9dric TOURNEUR,Isaline TRICNAUX Objectifs C\u2019est dans un cadre bas\u00e9 sur le respect de soi et des autres que les enfants peuvent laisser libre cours \u00e0 leur cr\u00e9ation. Dans ce sens, certaines r\u00e8gles sont construites avec eux.Cet atelier a pour but d\u2019aider les enfants \u00e0 s\u2019exprimer via diff\u00e9rents mat\u00e9riaux mis \u00e0 leur disposition tels que la terre, le dessin, la peinture mais aussi la couture, le grimage, le bricolage,\u2026Le choix du support utilis\u00e9 est d\u00e9cid\u00e9 en concertation avec les enfants \u00e0 chaque fin d\u2019atelier. Cet atelier se d\u00e9roule en trois phases :1. Le premier temps est celui de la parole et du \u00ab comment \u00e7a va \u00bb o\u00f9 chaque enfant a le droit d\u2019\u00e9changer avec les autres autour de sujets qui le pr\u00e9occupent.2. Le deuxi\u00e8me temps permet d\u2019exp\u00e9rimenter les diff\u00e9rents mat\u00e9riaux et de cr\u00e9er ce qu\u2019il d\u00e9sire dans le respect de chacun. Le \u00ab beau \u00bb n\u2019est pas la priorit\u00e9 de la cr\u00e9ation de l\u2019enfant.3. Dans le troisi\u00e8me temps, l\u2019enfant a le choix d\u2019une description orale de sa cr\u00e9ation devant le groupe. Tout au long de cet atelier, diff\u00e9rentes techniques \u00e9ducatives (l\u2019\u00e9coute active, le d\u00e9veloppement de l\u2019estime de soi,\u2026) sont utilis\u00e9es par les professionnels afin de permettre aux enfants de s\u2019exprimer, d\u2019\u00e9changer et de s\u2019\u00e9couter librement sans aucun jugement.Nous gardons secret tout ce qui est dit durant l\u2019atelier pour garantir un lieu s\u00e9curisant \u00e0 chaque enfant.L\u2019\u00e9quipe explique aux enfants que ce que qu\u2019ils diront \u00e0 l\u2019atelier ne sera pas r\u00e9p\u00e9t\u00e9 \u00e0 leurs parents ou \u00e0 toute autre personne sauf \u00e0 leur demande. Si toutefois, un enfant a besoin d\u2019exprimer quelque chose qui est difficile \u00e0 dire \u00e0 ses parents, l\u2019\u00e9quipe est l\u00e0 pour l\u2019aider.L\u2019atelier est, avant tout, une bulle d\u2019expression.<\/p>\n","protected":false},"author":5,"featured_media":0,"parent":56,"menu_order":1,"comment_status":"closed","ping_status":"open","template":"","meta":{"_eb_attr":"","ocean_post_layout":"","ocean_both_sidebars_style":"","ocean_both_sidebars_content_width":0,"ocean_both_sidebars_sidebars_width":0,"ocean_sidebar":"","ocean_second_sidebar":"","ocean_disable_margins":"enable","ocean_add_body_class":"","ocean_shortcode_before_top_bar":"","ocean_shortcode_after_top_bar":"","ocean_shortcode_before_header":"","ocean_shortcode_after_header":"","ocean_has_shortcode":"","ocean_shortcode_after_title":"","ocean_shortcode_before_footer_widgets":"","ocean_shortcode_after_footer_widgets":"","ocean_shortcode_before_footer_bottom":"","ocean_shortcode_after_footer_bottom":"","ocean_display_top_bar":"default","ocean_display_header":"default","ocean_header_style":"","ocean_center_header_left_menu":"","ocean_custom_header_template":"","ocean_custom_logo":0,"ocean_custom_retina_logo":0,"ocean_custom_logo_max_width":0,"ocean_custom_logo_tablet_max_width":0,"ocean_custom_logo_mobile_max_width":0,"ocean_custom_logo_max_height":0,"ocean_custom_logo_tablet_max_height":0,"ocean_custom_logo_mobile_max_height":0,"ocean_header_custom_menu":"","ocean_menu_typo_font_family":"","ocean_menu_typo_font_subset":"","ocean_menu_typo_font_size":0,"ocean_menu_typo_font_size_tablet":0,"ocean_menu_typo_font_size_mobile":0,"ocean_menu_typo_font_size_unit":"px","ocean_menu_typo_font_weight":"","ocean_menu_typo_font_weight_tablet":"","ocean_menu_typo_font_weight_mobile":"","ocean_menu_typo_transform":"","ocean_menu_typo_transform_tablet":"","ocean_menu_typo_transform_mobile":"","ocean_menu_typo_line_height":0,"ocean_menu_typo_line_height_tablet":0,"ocean_menu_typo_line_height_mobile":0,"ocean_menu_typo_line_height_unit":"","ocean_menu_typo_spacing":0,"ocean_menu_typo_spacing_tablet":0,"ocean_menu_typo_spacing_mobile":0,"ocean_menu_typo_spacing_unit":"","ocean_menu_link_color":"","ocean_menu_link_color_hover":"","ocean_menu_link_color_active":"","ocean_menu_link_background":"","ocean_menu_link_hover_background":"","ocean_menu_link_active_background":"","ocean_menu_social_links_bg":"","ocean_menu_social_hover_links_bg":"","ocean_menu_social_links_color":"","ocean_menu_social_hover_links_color":"","ocean_disable_title":"default","ocean_disable_heading":"default","ocean_post_title":"","ocean_post_subheading":"","ocean_post_title_style":"","ocean_post_title_background_color":"","ocean_post_title_background":0,"ocean_post_title_bg_image_position":"","ocean_post_title_bg_image_attachment":"","ocean_post_title_bg_image_repeat":"","ocean_post_title_bg_image_size":"","ocean_post_title_height":0,"ocean_post_title_bg_overlay":0.5,"ocean_post_title_bg_overlay_color":"","ocean_disable_breadcrumbs":"default","ocean_breadcrumbs_color":"","ocean_breadcrumbs_separator_color":"","ocean_breadcrumbs_links_color":"","ocean_breadcrumbs_links_hover_color":"","ocean_display_footer_widgets":"default","ocean_display_footer_bottom":"default","ocean_custom_footer_template":"","footnotes":""},"class_list":["post-1239","page","type-page","status-publish","hentry","entry"],"_links":{"self":[{"href":"https:\/\/www.din-amo.be\/index.php?rest_route=\/wp\/v2\/pages\/1239","targetHints":{"allow":["GET"]}}],"collection":[{"href":"https:\/\/www.din-amo.be\/index.php?rest_route=\/wp\/v2\/pages"}],"about":[{"href":"https:\/\/www.din-amo.be\/index.php?rest_route=\/wp\/v2\/types\/page"}],"author":[{"embeddable":true,"href":"https:\/\/www.din-amo.be\/index.php?rest_route=\/wp\/v2\/users\/5"}],"replies":[{"embeddable":true,"href":"https:\/\/www.din-amo.be\/index.php?rest_route=%2Fwp%2Fv2%2Fcomments&post=1239"}],"version-history":[{"count":38,"href":"https:\/\/www.din-amo.be\/index.php?rest_route=\/wp\/v2\/pages\/1239\/revisions"}],"predecessor-version":[{"id":3642,"href":"https:\/\/www.din-amo.be\/index.php?rest_route=\/wp\/v2\/pages\/1239\/revisions\/3642"}],"up":[{"embeddable":true,"href":"https:\/\/www.din-amo.be\/index.php?rest_route=\/wp\/v2\/pages\/56"}],"wp:attachment":[{"href":"https:\/\/www.din-amo.be\/index.php?rest_route=%2Fwp%2Fv2%2Fmedia&parent=1239"}],"curies":[{"name":"wp","href":"https:\/\/api.w.org\/{rel}","templated":true}]}}